{"id":3751,"date":"2024-09-28T02:10:57","date_gmt":"2024-09-28T02:10:57","guid":{"rendered":"https:\/\/demo.casethemes.net\/maiko\/?page_id=3751"},"modified":"2026-01-27T20:02:10","modified_gmt":"2026-01-27T19:02:10","slug":"stellenangebote","status":"publish","type":"page","link":"https:\/\/ap3.ch\/home\/stellenangebote\/","title":{"rendered":"Stellenangebote"},"content":{"rendered":"\t\t<div data-elementor-type=\"wp-page\" data-elementor-id=\"3751\" class=\"elementor elementor-3751\" data-elementor-post-type=\"page\">\n\t\t\t\t<div class=\"elementor-element elementor-element-040a76f e-con-full e-flex e-con e-parent \" data-id=\"040a76f\" data-element_type=\"container\" data-settings=\"{&quot;background_background&quot;:&quot;classic&quot;}\"><div class=\"elementor-element elementor-element-cb225a0 e-con-full e-flex e-con e-child \" data-id=\"cb225a0\" data-element_type=\"container\">\t\t<div class=\"elementor-element elementor-element-02ba6d9 elementor-widget elementor-widget-pxl_heading\" data-id=\"02ba6d9\" data-element_type=\"widget\" data-widget_type=\"pxl_heading.default\">\n\t\t\t\t<div class=\"elementor-widget-container\">\n\t\t\t\t\t\n<div id=\"pxl-pxl_heading-02ba6d9-8141\" class=\"pxl-heading px-sub-title-default style-default-style \">\n\t<div class=\"pxl-heading--inner\">\n\t\t\n\t\t<h1 class=\"pxl-item--title  style-default  highlight-default  wow PXLfadeInUp\" data-wow-delay=\"ms\">\n\t\t\t\t\tWir suchen begeisterte Fassadenspezialisten, welche aktiv in unserem Team mitwirken m\u00f6chten.\t\n\t\t\t\n\t\t<\/h1>\n\n\t<\/div>\n<\/div>\t\t\t\t<\/div>\n\t\t\t\t<\/div>\n\t\t\t\t<\/div>\r\n\t\t\t\t<\/div>\r\n\t\t<div class=\"elementor-element elementor-element-b14c1ef e-con-full e-flex e-con e-parent \" data-id=\"b14c1ef\" data-element_type=\"container\" data-settings=\"{&quot;background_background&quot;:&quot;classic&quot;}\"><div class=\"elementor-element elementor-element-0e87ad7 e-con-full e-flex e-con e-child \" data-id=\"0e87ad7\" data-element_type=\"container\"><div class=\"elementor-element elementor-element-cf8c08e e-flex e-con-boxed e-con e-child \" data-id=\"cf8c08e\" data-element_type=\"container\">\t\t\t<div class=\"e-con-inner\">\r\n\t\t<div class=\"elementor-element elementor-element-f1c2ec6 e-con-full e-flex e-con e-child \" data-id=\"f1c2ec6\" data-element_type=\"container\">\t\t<div class=\"elementor-element elementor-element-97744d5 elementor-widget elementor-widget-pxl_heading\" data-id=\"97744d5\" data-element_type=\"widget\" data-widget_type=\"pxl_heading.default\">\n\t\t\t\t<div class=\"elementor-widget-container\">\n\t\t\t\t\t\n<div id=\"pxl-pxl_heading-97744d5-5565\" class=\"pxl-heading px-sub-title-default style-default-style \">\n\t<div class=\"pxl-heading--inner\">\n\t\t\t\t\t<div class=\"pxl-item--subtitle  px-sub-title-default  wow PXLfadeInUp \" data-wow-delay=\"ms\">\n\t\t\t\t<span class=\"pxl-item--subtext\">\n\t\t\t\t\t\t\t\t\t\t\tAtelier P3 AG\t\t\t\t\t\t\n\t\t\t\t<\/span>\n\t\t\t<\/div>\n\t\t\n\t\t<h3 class=\"pxl-item--title  style-default  highlight-default  wow PXLfadeInUp\" data-wow-delay=\"ms\">\n\t\t\t\t\tWer wir sind\t\n\t\t\t\n\t\t<\/h3>\n\n\t<\/div>\n<\/div>\t\t\t\t<\/div>\n\t\t\t\t<\/div>\n\t\t\t\t<div class=\"elementor-element elementor-element-f984573 elementor-widget-mobile_extra__width-initial elementor-widget elementor-widget-pxl_text_editor\" data-id=\"f984573\" data-element_type=\"widget\" data-widget_type=\"pxl_text_editor.default\">\n\t\t\t\t<div class=\"elementor-widget-container\">\n\t\t\t\t\t<div class=\"pxl-text-editor pxl-split-text split-lines-transform\">\n\t<div class=\"pxl-item--inner  \" data-wow-delay=\"ms\">\n\t\t\t<p>Wir sind ein etabliertes, unabh\u00e4ngiges Fassadenplanungsb\u00fcro mit Sitz im kreativen Z\u00fcrich West.\u00a0 Mit einem agilen Team von 12 Spezialisten bieten wir ganzheitliche Planung von Geb\u00e4udeh\u00fcllen \u00fcber alle Projektphasen hinweg \u2013 von der Konzeptentwicklung bis zur Umsetzung. Unsere Projekte kombinieren Technik, Architektur und Pr\u00e4zision auf hohem Niveau.<\/p>\t\n\t<\/div>\n<\/div>\n\n<script>\njQuery(document).ready(function($) {\n    let $pageTitleElement = $('#pxl-page-title-elementor');\n\n    if ($pageTitleElement.length) {\n        let sgPostDesText = ``;\n        $pageTitleElement.find('.pxl-item--inner').html(sgPostDesText);\n    }\n});\n<\/script>\n\n\n\t\t\t\t<\/div>\n\t\t\t\t<\/div>\n\t\t\t\t<\/div>\r\n\t\t<div class=\"elementor-element elementor-element-19709ee e-con-full e-flex e-con e-child \" data-id=\"19709ee\" data-element_type=\"container\">\t\t<div class=\"elementor-element elementor-element-2f0d779 elementor-widget__width-initial elementor-widget elementor-widget-pxl_image\" data-id=\"2f0d779\" data-element_type=\"widget\" data-widget_type=\"pxl_image.default\">\n\t\t\t\t<div class=\"elementor-widget-container\">\n\t\t\t\t\t<div id=\"pxl_image-2f0d779-4288\" class=\"pxl-image-single df pxl-disable-parallax-sm pxl-hide-sr-lg  \" data-wow-delay=\"ms\"  >\r\n    <div class=\"pxl-item--inner\" data-wow-delay=\"120ms\" >\r\n    \r\n            <div class=\"pxl-item--image df move-from-right\" data-wow-delay=\"ms\" data-parallax-value=\"\">\r\n                        <img fetchpriority=\"high\" decoding=\"async\" width=\"1470\" height=\"733\" src=\"https:\/\/ap3.ch\/home\/wp-content\/uploads\/2025\/12\/ap3_office-8-e1765920862250.jpg\" class=\"no-lazyload attachment-full\" alt=\"\" \/>                    <\/div>\r\n        \r\n<\/div>\r\n<\/div>\t\t\t\t<\/div>\n\t\t\t\t<\/div>\n\t\t\t\t<\/div>\r\n\t\t\t\t\t<\/div>\r\n\t\t\t\t<\/div>\r\n\t\t\t\t<\/div>\r\n\t\t\t\t<\/div>\r\n\t\t<div class=\"elementor-element elementor-element-4cb43b2 e-con-full e-flex e-con e-parent \" data-id=\"4cb43b2\" data-element_type=\"container\">\t\t<div class=\"elementor-element elementor-element-1cb28d1 elementor-widget elementor-widget-pxl_divider\" data-id=\"1cb28d1\" data-element_type=\"widget\" data-widget_type=\"pxl_divider.default\">\n\t\t\t\t<div class=\"elementor-widget-container\">\n\t\t\t\t\t<div class=\"pxl-divider horizontal animated slow\"><div class=\"pxl-divider-separator\"><\/div><\/div>\t\t\t\t<\/div>\n\t\t\t\t<\/div>\n\t\t\t\t<\/div>\r\n\t\t<div class=\"elementor-element elementor-element-2f8ef03 e-flex e-con-boxed e-con e-parent \" data-id=\"2f8ef03\" data-element_type=\"container\">\t\t\t<div class=\"e-con-inner\">\r\n\t\t<div class=\"elementor-element elementor-element-14416c2 e-con-full e-flex e-con e-child \" data-id=\"14416c2\" data-element_type=\"container\">\t\t<div class=\"elementor-element elementor-element-cfafbbe elementor-widget elementor-widget-pxl_image\" data-id=\"cfafbbe\" data-element_type=\"widget\" data-widget_type=\"pxl_image.default\">\n\t\t\t\t<div class=\"elementor-widget-container\">\n\t\t\t\t\t<div id=\"pxl_image-cfafbbe-4933\" class=\"pxl-image-single df pxl-disable-parallax-sm pxl-hide-sr-lg  \" data-wow-delay=\"ms\"  >\r\n    <div class=\"pxl-item--inner\" data-wow-delay=\"120ms\" >\r\n    \r\n            <div class=\"pxl-item--image df move-from-left\" data-wow-delay=\"ms\" data-parallax-value=\"\">\r\n                        <img decoding=\"async\" width=\"1571\" height=\"2200\" src=\"https:\/\/ap3.ch\/home\/wp-content\/uploads\/2025\/12\/ap3_office-35-2.jpg\" class=\"no-lazyload attachment-full\" alt=\"\" \/>                    <\/div>\r\n        \r\n<\/div>\r\n<\/div>\t\t\t\t<\/div>\n\t\t\t\t<\/div>\n\t\t\t\t<\/div>\r\n\t\t<div class=\"elementor-element elementor-element-36135dd e-con-full e-flex e-con e-child \" data-id=\"36135dd\" data-element_type=\"container\">\t\t<div class=\"elementor-element elementor-element-ad0454a elementor-widget elementor-widget-pxl_heading\" data-id=\"ad0454a\" data-element_type=\"widget\" data-widget_type=\"pxl_heading.default\">\n\t\t\t\t<div class=\"elementor-widget-container\">\n\t\t\t\t\t\n<div id=\"pxl-pxl_heading-ad0454a-4050\" class=\"pxl-heading px-sub-title-default style-default-style \">\n\t<div class=\"pxl-heading--inner\">\n\t\t\t\t\t<div class=\"pxl-item--subtitle  px-sub-title-default   \" data-wow-delay=\"ms\">\n\t\t\t\t<span class=\"pxl-item--subtext\">\n\t\t\t\t\t\t\t\t\t\t\tWas wir bieten\t\t\t\t\t\t\n\t\t\t\t<\/span>\n\t\t\t<\/div>\n\t\t\n\t\t<h3 class=\"pxl-item--title pxl-split-text style-default  highlight-default split-in-right \" data-wow-delay=\"ms\">\n\t\t\t\t\tMehr als nur ein Arbeitsplatz\t\n\t\t\t\n\t\t<\/h3>\n\n\t<\/div>\n<\/div>\t\t\t\t<\/div>\n\t\t\t\t<\/div>\n\t\t\t\t<div class=\"elementor-element elementor-element-3e54934 elementor-widget elementor-widget-pxl_list\" data-id=\"3e54934\" data-element_type=\"widget\" data-widget_type=\"pxl_list.default\">\n\t\t\t\t<div class=\"elementor-widget-container\">\n\t\t\t\t\t    <div class=\"pxl-list pxl-list1  style-dot type-vertical\" data-wow-delay=\"ms\">\r\n                    <div class=\"pxl--item\">\r\n                                                    <div class=\"pxl-item-content\">\r\n                        <label class=\"pxl-empty\"><\/label>\r\n                        Attraktiver Arbeitsplatz im pulsierenden Z\u00fcrich West                    <\/div>\r\n                            <\/div>\r\n                    <div class=\"pxl--item\">\r\n                                                    <div class=\"pxl-item-content\">\r\n                        <label class=\"pxl-empty\"><\/label>\r\n                        Zentrale Lage, top erreichbar mit \u00d6V                    <\/div>\r\n                            <\/div>\r\n                    <div class=\"pxl--item\">\r\n                                                    <div class=\"pxl-item-content\">\r\n                        <label class=\"pxl-empty\"><\/label>\r\n                        Modernste CAD-Infrastruktur                    <\/div>\r\n                            <\/div>\r\n                    <div class=\"pxl--item\">\r\n                                                    <div class=\"pxl-item-content\">\r\n                        <label class=\"pxl-empty\"><\/label>\r\n                        5 Wochen Ferien                    <\/div>\r\n                            <\/div>\r\n                    <div class=\"pxl--item\">\r\n                                                    <div class=\"pxl-item-content\">\r\n                        <label class=\"pxl-empty\"><\/label>\r\n                        ap3 \u00fcbernimmt 66% des BVG-Beitrags                    <\/div>\r\n                            <\/div>\r\n                    <div class=\"pxl--item\">\r\n                                                    <div class=\"pxl-item-content\">\r\n                        <label class=\"pxl-empty\"><\/label>\r\n                        Homeoffice-M\u00f6glichkeit nach Absprache                    <\/div>\r\n                            <\/div>\r\n                    <div class=\"pxl--item\">\r\n                                                    <div class=\"pxl-item-content\">\r\n                        <label class=\"pxl-empty\"><\/label>\r\n                        Kurze Entscheidungswege & flache Hierarchie                    <\/div>\r\n                            <\/div>\r\n                    <div class=\"pxl--item\">\r\n                                                    <div class=\"pxl-item-content\">\r\n                        <label class=\"pxl-empty\"><\/label>\r\n                        Viel Raum f\u00fcr pers\u00f6nliche Entwicklung                    <\/div>\r\n                            <\/div>\r\n            <\/div>\r\n\t\t\t\t<\/div>\n\t\t\t\t<\/div>\n\t\t\t\t<\/div>\r\n\t\t\t\t\t<\/div>\r\n\t\t\t\t<\/div>\r\n\t\t<div class=\"elementor-element elementor-element-e8efd7f e-con-full e-flex e-con e-parent \" data-id=\"e8efd7f\" data-element_type=\"container\">\t\t<div class=\"elementor-element elementor-element-c14d2de elementor-widget elementor-widget-pxl_divider\" data-id=\"c14d2de\" data-element_type=\"widget\" data-widget_type=\"pxl_divider.default\">\n\t\t\t\t<div class=\"elementor-widget-container\">\n\t\t\t\t\t<div class=\"pxl-divider horizontal animated reversal slow\"><div class=\"pxl-divider-separator\"><\/div><\/div>\t\t\t\t<\/div>\n\t\t\t\t<\/div>\n\t\t\t\t<\/div>\r\n\t\t<div class=\"elementor-element elementor-element-33b57e9 e-con-full e-flex e-con e-parent \" data-id=\"33b57e9\" data-element_type=\"container\" data-settings=\"{&quot;background_background&quot;:&quot;classic&quot;}\">\t\t<div class=\"elementor-element elementor-element-4f5ac3d elementor-widget elementor-widget-pxl_heading\" data-id=\"4f5ac3d\" data-element_type=\"widget\" data-widget_type=\"pxl_heading.default\">\n\t\t\t\t<div class=\"elementor-widget-container\">\n\t\t\t\t\t\n<div id=\"pxl-pxl_heading-4f5ac3d-2695\" class=\"pxl-heading px-sub-title-default style-default-style \">\n\t<div class=\"pxl-heading--inner\">\n\t\t\n\t\t<h2 class=\"pxl-item--title  style-default ft-gt highlight-default  wow fadeInUp\" data-wow-delay=\"ms\">\n\t\t\t\t\tOffene Stellen\t\n\t\t\t\n\t\t<\/h2>\n\n\t<\/div>\n<\/div>\t\t\t\t<\/div>\n\t\t\t\t<\/div>\n\t\t\t\t<\/div>\r\n\t\t<div class=\"elementor-element elementor-element-545bfc6 e-con-full e-flex e-con e-parent \" data-id=\"545bfc6\" data-element_type=\"container\">\t\t<div class=\"elementor-element elementor-element-e949d07 elementor-widget elementor-widget-pxl_divider\" data-id=\"e949d07\" data-element_type=\"widget\" data-widget_type=\"pxl_divider.default\">\n\t\t\t\t<div class=\"elementor-widget-container\">\n\t\t\t\t\t<div class=\"pxl-divider horizontal animated normal\"><div class=\"pxl-divider-separator\"><\/div><\/div>\t\t\t\t<\/div>\n\t\t\t\t<\/div>\n\t\t\t\t<\/div>\r\n\t\t<div class=\"elementor-element elementor-element-4cd4eca e-flex e-con-boxed e-con e-parent \" data-id=\"4cd4eca\" data-element_type=\"container\">\t\t\t<div class=\"e-con-inner\">\r\n\t\t\t\t<div class=\"elementor-element elementor-element-6480c1f elementor-align-center elementor-widget elementor-widget-pxl_button\" data-id=\"6480c1f\" data-element_type=\"widget\" data-widget_type=\"pxl_button.default\">\n\t\t\t\t<div class=\"elementor-widget-container\">\n\t\t\t\t\t<div id=\"pxl-pxl_button-6480c1f-6840\" class=\"pxl-button pxl-atc-link \" data-wow-delay=\"ms\">\r\n    <a href=\"https:\/\/ap3.ch\/home\/wp-content\/uploads\/2026\/01\/7630-260121-Stellenausschreibung-Metallbaukonstrukteur.pdf\" target=\"_blank\" class=\"btn pxl-icon-active  btn-drow-arrow  full pxl-icon--right\" data-wow-delay=\"ms\" data-target=\".pxl-page-popup-template-0\">\r\n                                                <span class=\"crossline-arrow\">\r\n                <span class=\"crossline1\"><\/span>\r\n                <span class=\"crossline2\"><\/span>\r\n            <\/span>\r\n                        <span class=\"pxl--btn-text\" data-text=\"Metallbaukonstrukteur\/in EFZ (80\u2013100%) \u2013 Planen statt nur zeichnen! Werde  Teil eines f\u00fchrenden Fassadenplanungsb\u00fcros im Herzen von Z\u00fcrich West\">\r\n            Metallbaukonstrukteur\/in EFZ (80\u2013100%) \u2013 Planen statt nur zeichnen! Werde  Teil eines f\u00fchrenden Fassadenplanungsb\u00fcros im Herzen von Z\u00fcrich West        <\/span>\r\n                    <\/a>\r\n<\/div>\t\t\t\t<\/div>\n\t\t\t\t<\/div>\n\t\t\t\t<div class=\"elementor-element elementor-element-6036ae2 elementor-align-center elementor-widget elementor-widget-pxl_button\" data-id=\"6036ae2\" data-element_type=\"widget\" data-widget_type=\"pxl_button.default\">\n\t\t\t\t<div class=\"elementor-widget-container\">\n\t\t\t\t\t<div id=\"pxl-pxl_button-6036ae2-5892\" class=\"pxl-button pxl-atc-link \" data-wow-delay=\"ms\">\r\n    <a href=\"https:\/\/ap3.ch\/home\/wp-content\/uploads\/2026\/01\/7630-260121-Stellenausschreibung-Fassaden-und-Metallbauingenieur.pdf\" target=\"_blank\" class=\"btn pxl-icon-active  btn-drow-arrow  full pxl-icon--right\" data-wow-delay=\"ms\" data-target=\".pxl-page-popup-template-0\">\r\n                                                <span class=\"crossline-arrow\">\r\n                <span class=\"crossline1\"><\/span>\r\n                <span class=\"crossline2\"><\/span>\r\n            <\/span>\r\n                        <span class=\"pxl--btn-text\" data-text=\"Fassaden- und Metallbauingenieur\/in mit Entwicklungspotential (80-100%) - Viel Raum f\u00fcr pers\u00f6nliche Entwicklung\">\r\n            Fassaden- und Metallbauingenieur\/in mit Entwicklungspotential (80-100%) - Viel Raum f\u00fcr pers\u00f6nliche Entwicklung        <\/span>\r\n                    <\/a>\r\n<\/div>\t\t\t\t<\/div>\n\t\t\t\t<\/div>\n\t\t\t\t<div class=\"elementor-element elementor-element-c30a8f7 elementor-align-center elementor-widget elementor-widget-pxl_button\" data-id=\"c30a8f7\" data-element_type=\"widget\" data-widget_type=\"pxl_button.default\">\n\t\t\t\t<div class=\"elementor-widget-container\">\n\t\t\t\t\t<div id=\"pxl-pxl_button-c30a8f7-4504\" class=\"pxl-button pxl-atc-link \" data-wow-delay=\"ms\">\r\n    <a href=\"https:\/\/ap3.ch\/home\/wp-content\/uploads\/2025\/12\/7630-251107-Stellenausschreibung-Fassadenplaner.pdf\" target=\"_blank\" class=\"btn pxl-icon-active  btn-drow-arrow  full pxl-icon--right\" data-wow-delay=\"ms\" data-target=\".pxl-page-popup-template-0\">\r\n                                                <span class=\"crossline-arrow\">\r\n                <span class=\"crossline1\"><\/span>\r\n                <span class=\"crossline2\"><\/span>\r\n            <\/span>\r\n                        <span class=\"pxl--btn-text\" data-text=\"Fassadenplaner\/in (80\u2013100%) | Projektleitung mit Entwicklungspotenzial - Du  willst mehr als nur Pl\u00e4ne zeichnen? Plane ganze Fassaden \u2013 von A bis Z.\">\r\n            Fassadenplaner\/in (80\u2013100%) | Projektleitung mit Entwicklungspotenzial - Du  willst mehr als nur Pl\u00e4ne zeichnen? Plane ganze Fassaden \u2013 von A bis Z.        <\/span>\r\n                    <\/a>\r\n<\/div>\t\t\t\t<\/div>\n\t\t\t\t<\/div>\n\t\t\t\t\t<\/div>\r\n\t\t\t\t<\/div>\r\n\t\t\t\t<\/div>\n\t\t","protected":false},"excerpt":{"rendered":"<p>Wir suchen begeisterte Fassadenspezialisten, welche aktiv in unserem Team mitwirken m\u00f6chten. Atelier P3 AG Wer wir sind Wir sind ein etabliertes, unabh\u00e4ngiges Fassadenplanungsb\u00fcro mit Sitz im kreativen Z\u00fcrich West.\u00a0 Mit einem agilen Team von 12 Spezialisten bieten wir ganzheitliche Planung von Geb\u00e4udeh\u00fcllen \u00fcber alle Projektphasen hinweg \u2013 von der Konzeptentwicklung bis zur Umsetzung. Unsere Projekte [&hellip;]<\/p>\n","protected":false},"author":1,"featured_media":0,"parent":0,"menu_order":0,"comment_status":"closed","ping_status":"closed","template":"","meta":{"footnotes":""},"class_list":["post-3751","page","type-page","status-publish","hentry"],"_links":{"self":[{"href":"https:\/\/ap3.ch\/home\/wp-json\/wp\/v2\/pages\/3751","targetHints":{"allow":["GET"]}}],"collection":[{"href":"https:\/\/ap3.ch\/home\/wp-json\/wp\/v2\/pages"}],"about":[{"href":"https:\/\/ap3.ch\/home\/wp-json\/wp\/v2\/types\/page"}],"author":[{"embeddable":true,"href":"https:\/\/ap3.ch\/home\/wp-json\/wp\/v2\/users\/1"}],"replies":[{"embeddable":true,"href":"https:\/\/ap3.ch\/home\/wp-json\/wp\/v2\/comments?post=3751"}],"version-history":[{"count":0,"href":"https:\/\/ap3.ch\/home\/wp-json\/wp\/v2\/pages\/3751\/revisions"}],"wp:attachment":[{"href":"https:\/\/ap3.ch\/home\/wp-json\/wp\/v2\/media?parent=3751"}],"curies":[{"name":"wp","href":"https:\/\/api.w.org\/{rel}","templated":true}]}}